{"id":2988,"date":"2023-12-19T10:21:20","date_gmt":"2023-12-19T09:21:20","guid":{"rendered":"https:\/\/apeimeudon.fr\/Site-APEI\/?page_id=2988"},"modified":"2023-12-19T10:21:21","modified_gmt":"2023-12-19T09:21:21","slug":"inauguration-du-foyer-pour-autistes-a-meudon-la-foret","status":"publish","type":"page","link":"http:\/\/apeimeudon.fr\/Site-APEI\/inauguration-du-foyer-pour-autistes-a-meudon-la-foret\/","title":{"rendered":"Inauguration du foyer pour autistes \u00e0 Meudon-la-For\u00eat"},"content":{"rendered":"<p>Le nouveau foyer d\u2019accueil et d\u2019h\u00e9bergement pour adultes autistes de l\u2019APEI de Meudon a \u00e9t\u00e9 inaugur\u00e9 vendredi 1er&nbsp;d\u00e9cembre, en pr\u00e9sence de Denis Larghero, Maire de Meudon, de Fr\u00e9d\u00e9rik Gorcy, pr\u00e9sident de l\u2019APEI de Meudon, de Damien Vanoverschelde, directeur g\u00e9n\u00e9ral de Hauts-de-Seine Habitat, de V\u00e9ronique Bergerol, conseill\u00e8re d\u00e9partementale du D\u00e9partement des Hauts-de-Seine, d\u00e9l\u00e9gu\u00e9e aux personnes handicap\u00e9es, ainsi que des membres du conseil d&rsquo;administration de l&rsquo;association et de parents de r\u00e9sidents et futurs r\u00e9sidents.<\/p>\n<p><a class=\"fasc-button fasc-size-medium fasc-type-flat fasc-rounded-medium fasc-ico-after dashicons-camera\" style=\"background-color: #33809e; color: #ffffff;\" target=\"_blank\" rel=\"nofollow noopener\" href=\"https:\/\/apeimeudon.fr\/Blog-APEI\/inauguration-du-foyer-daccueil-et-dhebergement-pour-adultes-autistes\/\">Voir le reportage &#8230;<\/a><\/p>\n","protected":false},"excerpt":{"rendered":"<p>Le nouveau foyer d\u2019accueil et d\u2019h\u00e9bergement pour adultes autistes de l\u2019APEI de Meudon a \u00e9t\u00e9 inaugur\u00e9 vendredi 1er&nbsp;d\u00e9cembre, en pr\u00e9sence de Denis Larghero, Maire de Meudon, de Fr\u00e9d\u00e9rik Gorcy, pr\u00e9sident de l\u2019APEI de Meudon, de Damien Vanoverschelde, directeur g\u00e9n\u00e9ral de Hauts-de-Seine Habitat, de V\u00e9ronique Bergerol, conseill\u00e8re d\u00e9partementale du D\u00e9partement des Hauts-de-Seine, d\u00e9l\u00e9gu\u00e9e aux personnes handicap\u00e9es, [&hellip;]<\/p>\n","protected":false},"author":1,"featured_media":0,"parent":0,"menu_order":0,"comment_status":"closed","ping_status":"closed","template":"","meta":{"_acf_changed":false,"ngg_post_thumbnail":0,"footnotes":""},"class_list":["post-2988","page","type-page","status-publish","hentry","post"],"acf":[],"yoast_head":"<!-- This site is optimized with the Yoast SEO plugin v27.1.1 - https:\/\/yoast.com\/product\/yoast-seo-wordpress\/ -->\n<title>Inauguration du foyer pour autistes \u00e0 Meudon-la-For\u00eat - Site de l&#039;APEI de Meudon<\/title>\n<meta name=\"robots\" content=\"index, follow, max-snippet:-1, max-image-preview:large, max-video-preview:-1\" \/>\n<link rel=\"canonical\" href=\"https:\/\/apeimeudon.fr\/Site-APEI\/inauguration-du-foyer-pour-autistes-a-meudon-la-foret\/\" \/>\n<meta property=\"og:locale\" content=\"fr_FR\" \/>\n<meta property=\"og:type\" content=\"article\" \/>\n<meta property=\"og:title\" content=\"Inauguration du foyer pour autistes \u00e0 Meudon-la-For\u00eat - Site de l&#039;APEI de Meudon\" \/>\n<meta property=\"og:description\" content=\"Le nouveau foyer d\u2019accueil et d\u2019h\u00e9bergement pour adultes autistes de l\u2019APEI de Meudon a \u00e9t\u00e9 inaugur\u00e9 vendredi 1er&nbsp;d\u00e9cembre, en pr\u00e9sence de Denis Larghero, Maire de Meudon, de Fr\u00e9d\u00e9rik Gorcy, pr\u00e9sident de l\u2019APEI de Meudon, de Damien Vanoverschelde, directeur g\u00e9n\u00e9ral de Hauts-de-Seine Habitat, de V\u00e9ronique Bergerol, conseill\u00e8re d\u00e9partementale du D\u00e9partement des Hauts-de-Seine, d\u00e9l\u00e9gu\u00e9e aux personnes handicap\u00e9es, [&hellip;]\" \/>\n<meta property=\"og:url\" content=\"https:\/\/apeimeudon.fr\/Site-APEI\/inauguration-du-foyer-pour-autistes-a-meudon-la-foret\/\" \/>\n<meta property=\"og:site_name\" content=\"Site de l&#039;APEI de Meudon\" \/>\n<meta property=\"article:modified_time\" content=\"2023-12-19T09:21:21+00:00\" \/>\n<meta name=\"twitter:card\" content=\"summary_large_image\" \/>\n<meta name=\"twitter:label1\" content=\"Dur\u00e9e de lecture estim\u00e9e\" \/>\n\t<meta name=\"twitter:data1\" content=\"1 minute\" \/>\n<script type=\"application\/ld+json\" class=\"yoast-schema-graph\">{\"@context\":\"https:\/\/schema.org\",\"@graph\":[{\"@type\":\"WebPage\",\"@id\":\"https:\/\/apeimeudon.fr\/Site-APEI\/inauguration-du-foyer-pour-autistes-a-meudon-la-foret\/\",\"url\":\"https:\/\/apeimeudon.fr\/Site-APEI\/inauguration-du-foyer-pour-autistes-a-meudon-la-foret\/\",\"name\":\"Inauguration du foyer pour autistes \u00e0 Meudon-la-For\u00eat - Site de l&#039;APEI de Meudon\",\"isPartOf\":{\"@id\":\"https:\/\/apeimeudon.fr\/Site-APEI\/#website\"},\"datePublished\":\"2023-12-19T09:21:20+00:00\",\"dateModified\":\"2023-12-19T09:21:21+00:00\",\"breadcrumb\":{\"@id\":\"https:\/\/apeimeudon.fr\/Site-APEI\/inauguration-du-foyer-pour-autistes-a-meudon-la-foret\/#breadcrumb\"},\"inLanguage\":\"fr-FR\",\"potentialAction\":[{\"@type\":\"ReadAction\",\"target\":[\"https:\/\/apeimeudon.fr\/Site-APEI\/inauguration-du-foyer-pour-autistes-a-meudon-la-foret\/\"]}]},{\"@type\":\"BreadcrumbList\",\"@id\":\"https:\/\/apeimeudon.fr\/Site-APEI\/inauguration-du-foyer-pour-autistes-a-meudon-la-foret\/#breadcrumb\",\"itemListElement\":[{\"@type\":\"ListItem\",\"position\":1,\"name\":\"Accueil\",\"item\":\"https:\/\/apeimeudon.fr\/Site-APEI\/\"},{\"@type\":\"ListItem\",\"position\":2,\"name\":\"Inauguration du foyer pour autistes \u00e0 Meudon-la-For\u00eat\"}]},{\"@type\":\"WebSite\",\"@id\":\"https:\/\/apeimeudon.fr\/Site-APEI\/#website\",\"url\":\"https:\/\/apeimeudon.fr\/Site-APEI\/\",\"name\":\"Site de l&#039;APEI de Meudon\",\"description\":\"Association de Parents d\u2019Enfants Handicap\u00e9s Mentaux de Meudon\",\"publisher\":{\"@id\":\"https:\/\/apeimeudon.fr\/Site-APEI\/#organization\"},\"potentialAction\":[{\"@type\":\"SearchAction\",\"target\":{\"@type\":\"EntryPoint\",\"urlTemplate\":\"https:\/\/apeimeudon.fr\/Site-APEI\/?s={search_term_string}\"},\"query-input\":{\"@type\":\"PropertyValueSpecification\",\"valueRequired\":true,\"valueName\":\"search_term_string\"}}],\"inLanguage\":\"fr-FR\"},{\"@type\":\"Organization\",\"@id\":\"https:\/\/apeimeudon.fr\/Site-APEI\/#organization\",\"name\":\"APEI de Meudon\",\"url\":\"https:\/\/apeimeudon.fr\/Site-APEI\/\",\"logo\":{\"@type\":\"ImageObject\",\"inLanguage\":\"fr-FR\",\"@id\":\"https:\/\/apeimeudon.fr\/Site-APEI\/#\/schema\/logo\/image\/\",\"url\":\"https:\/\/apeimeudon.fr\/Site-APEI\/wp-content\/uploads\/2016\/05\/Grand-logo-apei-1.png\",\"contentUrl\":\"https:\/\/apeimeudon.fr\/Site-APEI\/wp-content\/uploads\/2016\/05\/Grand-logo-apei-1.png\",\"width\":840,\"height\":120,\"caption\":\"APEI de Meudon\"},\"image\":{\"@id\":\"https:\/\/apeimeudon.fr\/Site-APEI\/#\/schema\/logo\/image\/\"}}]}<\/script>\n<!-- \/ Yoast SEO plugin. -->","yoast_head_json":{"title":"Inauguration du foyer pour autistes \u00e0 Meudon-la-For\u00eat - Site de l&#039;APEI de Meudon","robots":{"index":"index","follow":"follow","max-snippet":"max-snippet:-1","max-image-preview":"max-image-preview:large","max-video-preview":"max-video-preview:-1"},"canonical":"https:\/\/apeimeudon.fr\/Site-APEI\/inauguration-du-foyer-pour-autistes-a-meudon-la-foret\/","og_locale":"fr_FR","og_type":"article","og_title":"Inauguration du foyer pour autistes \u00e0 Meudon-la-For\u00eat - Site de l&#039;APEI de Meudon","og_description":"Le nouveau foyer d\u2019accueil et d\u2019h\u00e9bergement pour adultes autistes de l\u2019APEI de Meudon a \u00e9t\u00e9 inaugur\u00e9 vendredi 1er&nbsp;d\u00e9cembre, en pr\u00e9sence de Denis Larghero, Maire de Meudon, de Fr\u00e9d\u00e9rik Gorcy, pr\u00e9sident de l\u2019APEI de Meudon, de Damien Vanoverschelde, directeur g\u00e9n\u00e9ral de Hauts-de-Seine Habitat, de V\u00e9ronique Bergerol, conseill\u00e8re d\u00e9partementale du D\u00e9partement des Hauts-de-Seine, d\u00e9l\u00e9gu\u00e9e aux personnes handicap\u00e9es, [&hellip;]","og_url":"https:\/\/apeimeudon.fr\/Site-APEI\/inauguration-du-foyer-pour-autistes-a-meudon-la-foret\/","og_site_name":"Site de l&#039;APEI de Meudon","article_modified_time":"2023-12-19T09:21:21+00:00","twitter_card":"summary_large_image","twitter_misc":{"Dur\u00e9e de lecture estim\u00e9e":"1 minute"},"schema":{"@context":"https:\/\/schema.org","@graph":[{"@type":"WebPage","@id":"https:\/\/apeimeudon.fr\/Site-APEI\/inauguration-du-foyer-pour-autistes-a-meudon-la-foret\/","url":"https:\/\/apeimeudon.fr\/Site-APEI\/inauguration-du-foyer-pour-autistes-a-meudon-la-foret\/","name":"Inauguration du foyer pour autistes \u00e0 Meudon-la-For\u00eat - Site de l&#039;APEI de Meudon","isPartOf":{"@id":"https:\/\/apeimeudon.fr\/Site-APEI\/#website"},"datePublished":"2023-12-19T09:21:20+00:00","dateModified":"2023-12-19T09:21:21+00:00","breadcrumb":{"@id":"https:\/\/apeimeudon.fr\/Site-APEI\/inauguration-du-foyer-pour-autistes-a-meudon-la-foret\/#breadcrumb"},"inLanguage":"fr-FR","potentialAction":[{"@type":"ReadAction","target":["https:\/\/apeimeudon.fr\/Site-APEI\/inauguration-du-foyer-pour-autistes-a-meudon-la-foret\/"]}]},{"@type":"BreadcrumbList","@id":"https:\/\/apeimeudon.fr\/Site-APEI\/inauguration-du-foyer-pour-autistes-a-meudon-la-foret\/#breadcrumb","itemListElement":[{"@type":"ListItem","position":1,"name":"Accueil","item":"https:\/\/apeimeudon.fr\/Site-APEI\/"},{"@type":"ListItem","position":2,"name":"Inauguration du foyer pour autistes \u00e0 Meudon-la-For\u00eat"}]},{"@type":"WebSite","@id":"https:\/\/apeimeudon.fr\/Site-APEI\/#website","url":"https:\/\/apeimeudon.fr\/Site-APEI\/","name":"Site de l&#039;APEI de Meudon","description":"Association de Parents d\u2019Enfants Handicap\u00e9s Mentaux de Meudon","publisher":{"@id":"https:\/\/apeimeudon.fr\/Site-APEI\/#organization"},"potentialAction":[{"@type":"SearchAction","target":{"@type":"EntryPoint","urlTemplate":"https:\/\/apeimeudon.fr\/Site-APEI\/?s={search_term_string}"},"query-input":{"@type":"PropertyValueSpecification","valueRequired":true,"valueName":"search_term_string"}}],"inLanguage":"fr-FR"},{"@type":"Organization","@id":"https:\/\/apeimeudon.fr\/Site-APEI\/#organization","name":"APEI de Meudon","url":"https:\/\/apeimeudon.fr\/Site-APEI\/","logo":{"@type":"ImageObject","inLanguage":"fr-FR","@id":"https:\/\/apeimeudon.fr\/Site-APEI\/#\/schema\/logo\/image\/","url":"https:\/\/apeimeudon.fr\/Site-APEI\/wp-content\/uploads\/2016\/05\/Grand-logo-apei-1.png","contentUrl":"https:\/\/apeimeudon.fr\/Site-APEI\/wp-content\/uploads\/2016\/05\/Grand-logo-apei-1.png","width":840,"height":120,"caption":"APEI de Meudon"},"image":{"@id":"https:\/\/apeimeudon.fr\/Site-APEI\/#\/schema\/logo\/image\/"}}]}},"_links":{"self":[{"href":"http:\/\/apeimeudon.fr\/Site-APEI\/wp-json\/wp\/v2\/pages\/2988","targetHints":{"allow":["GET"]}}],"collection":[{"href":"http:\/\/apeimeudon.fr\/Site-APEI\/wp-json\/wp\/v2\/pages"}],"about":[{"href":"http:\/\/apeimeudon.fr\/Site-APEI\/wp-json\/wp\/v2\/types\/page"}],"author":[{"embeddable":true,"href":"http:\/\/apeimeudon.fr\/Site-APEI\/wp-json\/wp\/v2\/users\/1"}],"replies":[{"embeddable":true,"href":"http:\/\/apeimeudon.fr\/Site-APEI\/wp-json\/wp\/v2\/comments?post=2988"}],"version-history":[{"count":1,"href":"http:\/\/apeimeudon.fr\/Site-APEI\/wp-json\/wp\/v2\/pages\/2988\/revisions"}],"predecessor-version":[{"id":2989,"href":"http:\/\/apeimeudon.fr\/Site-APEI\/wp-json\/wp\/v2\/pages\/2988\/revisions\/2989"}],"wp:attachment":[{"href":"http:\/\/apeimeudon.fr\/Site-APEI\/wp-json\/wp\/v2\/media?parent=2988"}],"curies":[{"name":"wp","href":"https:\/\/api.w.org\/{rel}","templated":true}]}}