{"id":3035,"date":"2024-04-27T10:29:23","date_gmt":"2024-04-27T08:29:23","guid":{"rendered":"https:\/\/apeimeudon.fr\/Site-APEI\/?page_id=3035"},"modified":"2024-04-27T10:29:24","modified_gmt":"2024-04-27T08:29:24","slug":"tristan-et-son-papa-en-tandem-de-dijon-a-bale","status":"publish","type":"page","link":"http:\/\/apeimeudon.fr\/Site-APEI\/tristan-et-son-papa-en-tandem-de-dijon-a-bale\/","title":{"rendered":"Tristan et son papa en tandem de Dijon \u00e0 B\u00e2le"},"content":{"rendered":"<p><a href=\"http:\/\/apeimeudon.fr\/Site-APEI\/wp-content\/uploads\/2024\/04\/Tandem-Tristan.jpg\"><img loading=\"lazy\" decoding=\"async\" class=\"aligncenter size-full wp-image-3034\" src=\"http:\/\/apeimeudon.fr\/Site-APEI\/wp-content\/uploads\/2024\/04\/Tandem-Tristan.jpg\" alt=\"\" width=\"666\" height=\"499\" srcset=\"http:\/\/apeimeudon.fr\/Site-APEI\/wp-content\/uploads\/2024\/04\/Tandem-Tristan.jpg 666w, http:\/\/apeimeudon.fr\/Site-APEI\/wp-content\/uploads\/2024\/04\/Tandem-Tristan-300x225.jpg 300w\" sizes=\"auto, (max-width: 666px) 100vw, 666px\" \/><\/a><\/p>\n<p>&nbsp;<\/p>\n<p style=\"text-align: justify;\">Tristan, externe au Centre d&rsquo;Activit\u00e9s de jour de Meudon-la-For\u00eat, va partir pour une randonn\u00e9e en tandem avec son papa du 26 au 31 mai.<\/p>\n<p style=\"text-align: justify;\">Nous allons p\u00e9daler depuis Dijon jusqu\u2019\u00e0 B\u00e2le en suivant l\u2019itin\u00e9raire v\u00e9lo Eurov\u00e9lo 6 (nous avons d\u00e9j\u00e0 fait Nevers-Tours, Tours-St-Nazaire et Nevers-Dijon). Nous passerons par Besan\u00e7on, Montb\u00e9liard et Mulhouse. Cela va repr\u00e9senter 380 km en 6 \u00e9tapes.<\/p>\n<p style=\"text-align: justify;\">Nous serons en tandem couch\u00e9.<\/p>\n<p style=\"text-align: justify;\">Pour nous soutenir, une campagne d&rsquo;appel \u00e0 dons est lanc\u00e9e sur le site HelloAsso<\/p>\n<p style=\"text-align: center;\"><a class=\"fasc-button fasc-size-medium fasc-type-glossy fasc-rounded-medium ico-fa fasc-ico-before fa-eur\" style=\"background-color: #33809e; color: #ffffff;\" target=\"_blank\" rel=\"noopener\" href=\"https:\/\/www.helloasso.com\/associations\/apei-de-meudon\/formulaires\/6\">Je participe par un don !<\/a><\/p>\n<p style=\"text-align: justify;\"><strong><em>Merci de votre g\u00e9n\u00e9rosit\u00e9. Les dons sont principalement affect\u00e9s aux activit\u00e9s de l&rsquo;ensemble de nos \u00e9tablissements.<\/em><\/strong><\/p>\n<p>&nbsp;<\/p>\n<p style=\"text-align: center;\"><em><strong>Notre itin\u00e9raire :<\/strong><\/em><\/p>\n\n<div class=\"wp-block-image\">\n<figure class=\"aligncenter size-full\"><a href=\"http:\/\/apeimeudon.fr\/Site-APEI\/wp-content\/uploads\/2024\/04\/Itineraire-eurovelo6.jpg\"><img loading=\"lazy\" decoding=\"async\" width=\"667\" height=\"406\" src=\"http:\/\/apeimeudon.fr\/Site-APEI\/wp-content\/uploads\/2024\/04\/Itineraire-eurovelo6.jpg\" alt=\"\" class=\"wp-image-3038\" srcset=\"http:\/\/apeimeudon.fr\/Site-APEI\/wp-content\/uploads\/2024\/04\/Itineraire-eurovelo6.jpg 667w, http:\/\/apeimeudon.fr\/Site-APEI\/wp-content\/uploads\/2024\/04\/Itineraire-eurovelo6-300x183.jpg 300w\" sizes=\"auto, (max-width: 667px) 100vw, 667px\" \/><\/a><\/figure>\n<\/div>","protected":false},"excerpt":{"rendered":"<p>&nbsp; Tristan, externe au Centre d&rsquo;Activit\u00e9s de jour de Meudon-la-For\u00eat, va partir pour une randonn\u00e9e en tandem avec son papa du 26 au 31 mai. Nous allons p\u00e9daler depuis Dijon jusqu\u2019\u00e0 B\u00e2le en suivant l\u2019itin\u00e9raire v\u00e9lo Eurov\u00e9lo 6 (nous avons d\u00e9j\u00e0 fait Nevers-Tours, Tours-St-Nazaire et Nevers-Dijon). Nous passerons par Besan\u00e7on, Montb\u00e9liard et Mulhouse. Cela va [&hellip;]<\/p>\n","protected":false},"author":1,"featured_media":0,"parent":0,"menu_order":0,"comment_status":"closed","ping_status":"closed","template":"","meta":{"_acf_changed":false,"ngg_post_thumbnail":0,"footnotes":""},"class_list":["post-3035","page","type-page","status-publish","hentry","post"],"acf":[],"yoast_head":"<!-- This site is optimized with the Yoast SEO plugin v27.1.1 - https:\/\/yoast.com\/product\/yoast-seo-wordpress\/ -->\n<title>Tristan et son papa en tandem de Dijon \u00e0 B\u00e2le - Site de l&#039;APEI de Meudon<\/title>\n<meta name=\"robots\" content=\"index, follow, max-snippet:-1, max-image-preview:large, max-video-preview:-1\" \/>\n<link rel=\"canonical\" href=\"http:\/\/apeimeudon.fr\/Site-APEI\/tristan-et-son-papa-en-tandem-de-dijon-a-bale\/\" \/>\n<meta property=\"og:locale\" content=\"fr_FR\" \/>\n<meta property=\"og:type\" content=\"article\" \/>\n<meta property=\"og:title\" content=\"Tristan et son papa en tandem de Dijon \u00e0 B\u00e2le - Site de l&#039;APEI de Meudon\" \/>\n<meta property=\"og:description\" content=\"&nbsp; Tristan, externe au Centre d&rsquo;Activit\u00e9s de jour de Meudon-la-For\u00eat, va partir pour une randonn\u00e9e en tandem avec son papa du 26 au 31 mai. Nous allons p\u00e9daler depuis Dijon jusqu\u2019\u00e0 B\u00e2le en suivant l\u2019itin\u00e9raire v\u00e9lo Eurov\u00e9lo 6 (nous avons d\u00e9j\u00e0 fait Nevers-Tours, Tours-St-Nazaire et Nevers-Dijon). Nous passerons par Besan\u00e7on, Montb\u00e9liard et Mulhouse. Cela va [&hellip;]\" \/>\n<meta property=\"og:url\" content=\"http:\/\/apeimeudon.fr\/Site-APEI\/tristan-et-son-papa-en-tandem-de-dijon-a-bale\/\" \/>\n<meta property=\"og:site_name\" content=\"Site de l&#039;APEI de Meudon\" \/>\n<meta property=\"article:modified_time\" content=\"2024-04-27T08:29:24+00:00\" \/>\n<meta property=\"og:image\" content=\"http:\/\/apeimeudon.fr\/Site-APEI\/wp-content\/uploads\/2024\/04\/Tandem-Tristan.jpg\" \/>\n<meta name=\"twitter:card\" content=\"summary_large_image\" \/>\n<meta name=\"twitter:label1\" content=\"Dur\u00e9e de lecture estim\u00e9e\" \/>\n\t<meta name=\"twitter:data1\" content=\"1 minute\" \/>\n<script type=\"application\/ld+json\" class=\"yoast-schema-graph\">{\"@context\":\"https:\/\/schema.org\",\"@graph\":[{\"@type\":\"WebPage\",\"@id\":\"http:\/\/apeimeudon.fr\/Site-APEI\/tristan-et-son-papa-en-tandem-de-dijon-a-bale\/\",\"url\":\"http:\/\/apeimeudon.fr\/Site-APEI\/tristan-et-son-papa-en-tandem-de-dijon-a-bale\/\",\"name\":\"Tristan et son papa en tandem de Dijon \u00e0 B\u00e2le - Site de l&#039;APEI de Meudon\",\"isPartOf\":{\"@id\":\"https:\/\/apeimeudon.fr\/Site-APEI\/#website\"},\"primaryImageOfPage\":{\"@id\":\"http:\/\/apeimeudon.fr\/Site-APEI\/tristan-et-son-papa-en-tandem-de-dijon-a-bale\/#primaryimage\"},\"image\":{\"@id\":\"http:\/\/apeimeudon.fr\/Site-APEI\/tristan-et-son-papa-en-tandem-de-dijon-a-bale\/#primaryimage\"},\"thumbnailUrl\":\"http:\/\/apeimeudon.fr\/Site-APEI\/wp-content\/uploads\/2024\/04\/Tandem-Tristan.jpg\",\"datePublished\":\"2024-04-27T08:29:23+00:00\",\"dateModified\":\"2024-04-27T08:29:24+00:00\",\"breadcrumb\":{\"@id\":\"http:\/\/apeimeudon.fr\/Site-APEI\/tristan-et-son-papa-en-tandem-de-dijon-a-bale\/#breadcrumb\"},\"inLanguage\":\"fr-FR\",\"potentialAction\":[{\"@type\":\"ReadAction\",\"target\":[\"http:\/\/apeimeudon.fr\/Site-APEI\/tristan-et-son-papa-en-tandem-de-dijon-a-bale\/\"]}]},{\"@type\":\"ImageObject\",\"inLanguage\":\"fr-FR\",\"@id\":\"http:\/\/apeimeudon.fr\/Site-APEI\/tristan-et-son-papa-en-tandem-de-dijon-a-bale\/#primaryimage\",\"url\":\"http:\/\/apeimeudon.fr\/Site-APEI\/wp-content\/uploads\/2024\/04\/Tandem-Tristan.jpg\",\"contentUrl\":\"http:\/\/apeimeudon.fr\/Site-APEI\/wp-content\/uploads\/2024\/04\/Tandem-Tristan.jpg\"},{\"@type\":\"BreadcrumbList\",\"@id\":\"http:\/\/apeimeudon.fr\/Site-APEI\/tristan-et-son-papa-en-tandem-de-dijon-a-bale\/#breadcrumb\",\"itemListElement\":[{\"@type\":\"ListItem\",\"position\":1,\"name\":\"Accueil\",\"item\":\"https:\/\/apeimeudon.fr\/Site-APEI\/\"},{\"@type\":\"ListItem\",\"position\":2,\"name\":\"Tristan et son papa en tandem de Dijon \u00e0 B\u00e2le\"}]},{\"@type\":\"WebSite\",\"@id\":\"https:\/\/apeimeudon.fr\/Site-APEI\/#website\",\"url\":\"https:\/\/apeimeudon.fr\/Site-APEI\/\",\"name\":\"Site de l&#039;APEI de Meudon\",\"description\":\"Association de Parents d\u2019Enfants Handicap\u00e9s Mentaux de Meudon\",\"publisher\":{\"@id\":\"https:\/\/apeimeudon.fr\/Site-APEI\/#organization\"},\"potentialAction\":[{\"@type\":\"SearchAction\",\"target\":{\"@type\":\"EntryPoint\",\"urlTemplate\":\"https:\/\/apeimeudon.fr\/Site-APEI\/?s={search_term_string}\"},\"query-input\":{\"@type\":\"PropertyValueSpecification\",\"valueRequired\":true,\"valueName\":\"search_term_string\"}}],\"inLanguage\":\"fr-FR\"},{\"@type\":\"Organization\",\"@id\":\"https:\/\/apeimeudon.fr\/Site-APEI\/#organization\",\"name\":\"APEI de Meudon\",\"url\":\"https:\/\/apeimeudon.fr\/Site-APEI\/\",\"logo\":{\"@type\":\"ImageObject\",\"inLanguage\":\"fr-FR\",\"@id\":\"https:\/\/apeimeudon.fr\/Site-APEI\/#\/schema\/logo\/image\/\",\"url\":\"https:\/\/apeimeudon.fr\/Site-APEI\/wp-content\/uploads\/2016\/05\/Grand-logo-apei-1.png\",\"contentUrl\":\"https:\/\/apeimeudon.fr\/Site-APEI\/wp-content\/uploads\/2016\/05\/Grand-logo-apei-1.png\",\"width\":840,\"height\":120,\"caption\":\"APEI de Meudon\"},\"image\":{\"@id\":\"https:\/\/apeimeudon.fr\/Site-APEI\/#\/schema\/logo\/image\/\"}}]}<\/script>\n<!-- \/ Yoast SEO plugin. -->","yoast_head_json":{"title":"Tristan et son papa en tandem de Dijon \u00e0 B\u00e2le - Site de l&#039;APEI de Meudon","robots":{"index":"index","follow":"follow","max-snippet":"max-snippet:-1","max-image-preview":"max-image-preview:large","max-video-preview":"max-video-preview:-1"},"canonical":"http:\/\/apeimeudon.fr\/Site-APEI\/tristan-et-son-papa-en-tandem-de-dijon-a-bale\/","og_locale":"fr_FR","og_type":"article","og_title":"Tristan et son papa en tandem de Dijon \u00e0 B\u00e2le - Site de l&#039;APEI de Meudon","og_description":"&nbsp; Tristan, externe au Centre d&rsquo;Activit\u00e9s de jour de Meudon-la-For\u00eat, va partir pour une randonn\u00e9e en tandem avec son papa du 26 au 31 mai. Nous allons p\u00e9daler depuis Dijon jusqu\u2019\u00e0 B\u00e2le en suivant l\u2019itin\u00e9raire v\u00e9lo Eurov\u00e9lo 6 (nous avons d\u00e9j\u00e0 fait Nevers-Tours, Tours-St-Nazaire et Nevers-Dijon). Nous passerons par Besan\u00e7on, Montb\u00e9liard et Mulhouse. Cela va [&hellip;]","og_url":"http:\/\/apeimeudon.fr\/Site-APEI\/tristan-et-son-papa-en-tandem-de-dijon-a-bale\/","og_site_name":"Site de l&#039;APEI de Meudon","article_modified_time":"2024-04-27T08:29:24+00:00","og_image":[{"url":"http:\/\/apeimeudon.fr\/Site-APEI\/wp-content\/uploads\/2024\/04\/Tandem-Tristan.jpg","type":"","width":"","height":""}],"twitter_card":"summary_large_image","twitter_misc":{"Dur\u00e9e de lecture estim\u00e9e":"1 minute"},"schema":{"@context":"https:\/\/schema.org","@graph":[{"@type":"WebPage","@id":"http:\/\/apeimeudon.fr\/Site-APEI\/tristan-et-son-papa-en-tandem-de-dijon-a-bale\/","url":"http:\/\/apeimeudon.fr\/Site-APEI\/tristan-et-son-papa-en-tandem-de-dijon-a-bale\/","name":"Tristan et son papa en tandem de Dijon \u00e0 B\u00e2le - Site de l&#039;APEI de Meudon","isPartOf":{"@id":"https:\/\/apeimeudon.fr\/Site-APEI\/#website"},"primaryImageOfPage":{"@id":"http:\/\/apeimeudon.fr\/Site-APEI\/tristan-et-son-papa-en-tandem-de-dijon-a-bale\/#primaryimage"},"image":{"@id":"http:\/\/apeimeudon.fr\/Site-APEI\/tristan-et-son-papa-en-tandem-de-dijon-a-bale\/#primaryimage"},"thumbnailUrl":"http:\/\/apeimeudon.fr\/Site-APEI\/wp-content\/uploads\/2024\/04\/Tandem-Tristan.jpg","datePublished":"2024-04-27T08:29:23+00:00","dateModified":"2024-04-27T08:29:24+00:00","breadcrumb":{"@id":"http:\/\/apeimeudon.fr\/Site-APEI\/tristan-et-son-papa-en-tandem-de-dijon-a-bale\/#breadcrumb"},"inLanguage":"fr-FR","potentialAction":[{"@type":"ReadAction","target":["http:\/\/apeimeudon.fr\/Site-APEI\/tristan-et-son-papa-en-tandem-de-dijon-a-bale\/"]}]},{"@type":"ImageObject","inLanguage":"fr-FR","@id":"http:\/\/apeimeudon.fr\/Site-APEI\/tristan-et-son-papa-en-tandem-de-dijon-a-bale\/#primaryimage","url":"http:\/\/apeimeudon.fr\/Site-APEI\/wp-content\/uploads\/2024\/04\/Tandem-Tristan.jpg","contentUrl":"http:\/\/apeimeudon.fr\/Site-APEI\/wp-content\/uploads\/2024\/04\/Tandem-Tristan.jpg"},{"@type":"BreadcrumbList","@id":"http:\/\/apeimeudon.fr\/Site-APEI\/tristan-et-son-papa-en-tandem-de-dijon-a-bale\/#breadcrumb","itemListElement":[{"@type":"ListItem","position":1,"name":"Accueil","item":"https:\/\/apeimeudon.fr\/Site-APEI\/"},{"@type":"ListItem","position":2,"name":"Tristan et son papa en tandem de Dijon \u00e0 B\u00e2le"}]},{"@type":"WebSite","@id":"https:\/\/apeimeudon.fr\/Site-APEI\/#website","url":"https:\/\/apeimeudon.fr\/Site-APEI\/","name":"Site de l&#039;APEI de Meudon","description":"Association de Parents d\u2019Enfants Handicap\u00e9s Mentaux de Meudon","publisher":{"@id":"https:\/\/apeimeudon.fr\/Site-APEI\/#organization"},"potentialAction":[{"@type":"SearchAction","target":{"@type":"EntryPoint","urlTemplate":"https:\/\/apeimeudon.fr\/Site-APEI\/?s={search_term_string}"},"query-input":{"@type":"PropertyValueSpecification","valueRequired":true,"valueName":"search_term_string"}}],"inLanguage":"fr-FR"},{"@type":"Organization","@id":"https:\/\/apeimeudon.fr\/Site-APEI\/#organization","name":"APEI de Meudon","url":"https:\/\/apeimeudon.fr\/Site-APEI\/","logo":{"@type":"ImageObject","inLanguage":"fr-FR","@id":"https:\/\/apeimeudon.fr\/Site-APEI\/#\/schema\/logo\/image\/","url":"https:\/\/apeimeudon.fr\/Site-APEI\/wp-content\/uploads\/2016\/05\/Grand-logo-apei-1.png","contentUrl":"https:\/\/apeimeudon.fr\/Site-APEI\/wp-content\/uploads\/2016\/05\/Grand-logo-apei-1.png","width":840,"height":120,"caption":"APEI de Meudon"},"image":{"@id":"https:\/\/apeimeudon.fr\/Site-APEI\/#\/schema\/logo\/image\/"}}]}},"_links":{"self":[{"href":"http:\/\/apeimeudon.fr\/Site-APEI\/wp-json\/wp\/v2\/pages\/3035","targetHints":{"allow":["GET"]}}],"collection":[{"href":"http:\/\/apeimeudon.fr\/Site-APEI\/wp-json\/wp\/v2\/pages"}],"about":[{"href":"http:\/\/apeimeudon.fr\/Site-APEI\/wp-json\/wp\/v2\/types\/page"}],"author":[{"embeddable":true,"href":"http:\/\/apeimeudon.fr\/Site-APEI\/wp-json\/wp\/v2\/users\/1"}],"replies":[{"embeddable":true,"href":"http:\/\/apeimeudon.fr\/Site-APEI\/wp-json\/wp\/v2\/comments?post=3035"}],"version-history":[{"count":3,"href":"http:\/\/apeimeudon.fr\/Site-APEI\/wp-json\/wp\/v2\/pages\/3035\/revisions"}],"predecessor-version":[{"id":3039,"href":"http:\/\/apeimeudon.fr\/Site-APEI\/wp-json\/wp\/v2\/pages\/3035\/revisions\/3039"}],"wp:attachment":[{"href":"http:\/\/apeimeudon.fr\/Site-APEI\/wp-json\/wp\/v2\/media?parent=3035"}],"curies":[{"name":"wp","href":"https:\/\/api.w.org\/{rel}","templated":true}]}}