{"version":"1.0","provider_name":"La Gazette des Foyers de l&#039;APEI de Meudon","provider_url":"https:\/\/apeimeudon.fr\/Blog-APEI","author_name":"Equipe r\u00e9dactionnelle Foyer FLEURY","author_url":"https:\/\/apeimeudon.fr\/Blog-APEI\/author\/fleury\/","title":"F\u00eate de la danse au foyer Fleury - La Gazette des Foyers de l&#039;APEI de Meudon","type":"rich","width":600,"height":338,"html":"<blockquote class=\"wp-embedded-content\" data-secret=\"ywoOtey9aZ\"><a href=\"https:\/\/apeimeudon.fr\/Blog-APEI\/fete-de-la-danse-au-foyer-fleury\/\">F\u00eate de la danse au foyer Fleury<\/a><\/blockquote><iframe sandbox=\"allow-scripts\" security=\"restricted\" src=\"https:\/\/apeimeudon.fr\/Blog-APEI\/fete-de-la-danse-au-foyer-fleury\/embed\/#?secret=ywoOtey9aZ\" width=\"600\" height=\"338\" title=\"\u00ab\u00a0F\u00eate de la danse au foyer Fleury\u00a0\u00bb &#8212; La Gazette des Foyers de l&#039;APEI de Meudon\" data-secret=\"ywoOtey9aZ\" frameborder=\"0\" marginwidth=\"0\" marginheight=\"0\" scrolling=\"no\" class=\"wp-embedded-content\"><\/iframe><script type=\"text\/javascript\">\n\/* <![CDATA[ *\/\n\/*! This file is auto-generated *\/\n!function(d,l){\"use strict\";l.querySelector&&d.addEventListener&&\"undefined\"!=typeof URL&&(d.wp=d.wp||{},d.wp.receiveEmbedMessage||(d.wp.receiveEmbedMessage=function(e){var t=e.data;if((t||t.secret||t.message||t.value)&&!\/[^a-zA-Z0-9]\/.test(t.secret)){for(var s,r,n,a=l.querySelectorAll('iframe[data-secret=\"'+t.secret+'\"]'),o=l.querySelectorAll('blockquote[data-secret=\"'+t.secret+'\"]'),c=new RegExp(\"^https?:$\",\"i\"),i=0;i<o.length;i++)o[i].style.display=\"none\";for(i=0;i<a.length;i++)s=a[i],e.source===s.contentWindow&&(s.removeAttribute(\"style\"),\"height\"===t.message?(1e3<(r=parseInt(t.value,10))?r=1e3:~~r<200&&(r=200),s.height=r):\"link\"===t.message&&(r=new URL(s.getAttribute(\"src\")),n=new URL(t.value),c.test(n.protocol))&&n.host===r.host&&l.activeElement===s&&(d.top.location.href=t.value))}},d.addEventListener(\"message\",d.wp.receiveEmbedMessage,!1),l.addEventListener(\"DOMContentLoaded\",function(){for(var e,t,s=l.querySelectorAll(\"iframe.wp-embedded-content\"),r=0;r<s.length;r++)(t=(e=s[r]).getAttribute(\"data-secret\"))||(t=Math.random().toString(36).substring(2,12),e.src+=\"#?secret=\"+t,e.setAttribute(\"data-secret\",t)),e.contentWindow.postMessage({message:\"ready\",secret:t},\"*\")},!1)))}(window,document);\n\/\/# sourceURL=https:\/\/apeimeudon.fr\/Blog-APEI\/wp-includes\/js\/wp-embed.min.js\n\/* ]]> *\/\n<\/script>\n","thumbnail_url":"http:\/\/apeimeudon.fr\/Blog-APEI\/wp-content\/uploads\/2024\/06\/Miniature-Fete-de-la-danse.jpg","thumbnail_width":500,"thumbnail_height":240,"description":"La f\u00eate de la danse c\u00e9l\u00e9br\u00e9e le mardi 18 juin avec Sophie et Lucie, accompagn\u00e9es de nos danseurs \u00e9toil\u00e9s Alexis, \u00c9ric, S\u00e9bastien, Christophe, Karim, Antoine, Medhi, et David, sans oublier la f\u00e9e Arnaud&nbsp;!!"}