{"version":"1.0","provider_name":"La Gazette des Foyers de l&#039;APEI de Meudon","provider_url":"https:\/\/apeimeudon.fr\/Blog-APEI","author_name":"Equipe r\u00e9dactionnelle de l'EAM","author_url":"https:\/\/apeimeudon.fr\/Blog-APEI\/author\/eam\/","title":"La F\u00eate des Citrouilles : une belle r\u00e9ussite ! - La Gazette des Foyers de l&#039;APEI de Meudon","type":"rich","width":600,"height":338,"html":"<blockquote class=\"wp-embedded-content\" data-secret=\"rWN4FVb9S9\"><a href=\"https:\/\/apeimeudon.fr\/Blog-APEI\/la-fete-des-citrouilles-une-belle-reussite\/\">La F\u00eate des Citrouilles : une belle r\u00e9ussite !<\/a><\/blockquote><iframe sandbox=\"allow-scripts\" security=\"restricted\" src=\"https:\/\/apeimeudon.fr\/Blog-APEI\/la-fete-des-citrouilles-une-belle-reussite\/embed\/#?secret=rWN4FVb9S9\" width=\"600\" height=\"338\" title=\"\u00ab\u00a0La F\u00eate des Citrouilles : une belle r\u00e9ussite !\u00a0\u00bb &#8212; La Gazette des Foyers de l&#039;APEI de Meudon\" data-secret=\"rWN4FVb9S9\" frameborder=\"0\" marginwidth=\"0\" marginheight=\"0\" scrolling=\"no\" class=\"wp-embedded-content\"><\/iframe><script type=\"text\/javascript\">\n\/* <![CDATA[ *\/\n\/*! This file is auto-generated *\/\n!function(d,l){\"use strict\";l.querySelector&&d.addEventListener&&\"undefined\"!=typeof URL&&(d.wp=d.wp||{},d.wp.receiveEmbedMessage||(d.wp.receiveEmbedMessage=function(e){var t=e.data;if((t||t.secret||t.message||t.value)&&!\/[^a-zA-Z0-9]\/.test(t.secret)){for(var s,r,n,a=l.querySelectorAll('iframe[data-secret=\"'+t.secret+'\"]'),o=l.querySelectorAll('blockquote[data-secret=\"'+t.secret+'\"]'),c=new RegExp(\"^https?:$\",\"i\"),i=0;i<o.length;i++)o[i].style.display=\"none\";for(i=0;i<a.length;i++)s=a[i],e.source===s.contentWindow&&(s.removeAttribute(\"style\"),\"height\"===t.message?(1e3<(r=parseInt(t.value,10))?r=1e3:~~r<200&&(r=200),s.height=r):\"link\"===t.message&&(r=new URL(s.getAttribute(\"src\")),n=new URL(t.value),c.test(n.protocol))&&n.host===r.host&&l.activeElement===s&&(d.top.location.href=t.value))}},d.addEventListener(\"message\",d.wp.receiveEmbedMessage,!1),l.addEventListener(\"DOMContentLoaded\",function(){for(var e,t,s=l.querySelectorAll(\"iframe.wp-embedded-content\"),r=0;r<s.length;r++)(t=(e=s[r]).getAttribute(\"data-secret\"))||(t=Math.random().toString(36).substring(2,12),e.src+=\"#?secret=\"+t,e.setAttribute(\"data-secret\",t)),e.contentWindow.postMessage({message:\"ready\",secret:t},\"*\")},!1)))}(window,document);\n\/\/# sourceURL=https:\/\/apeimeudon.fr\/Blog-APEI\/wp-includes\/js\/wp-embed.min.js\n\/* ]]> *\/\n<\/script>\n","thumbnail_url":"https:\/\/apeimeudon.fr\/Blog-APEI\/wp-content\/uploads\/2025\/11\/miniature_halloween.jpg","thumbnail_width":400,"thumbnail_height":278,"description":"Vendredi 31 octobre, tous les foyers de l\u2019APEI de Meudon se sont r\u00e9unis \u00e0 l\u2019EAM La For\u00eat pour c\u00e9l\u00e9brer la F\u00eate des Citrouilles. Cette soir\u00e9e costum\u00e9e, plac\u00e9e sous le signe de la convivialit\u00e9, a rassembl\u00e9 r\u00e9sidents, accompagnants, familles, \u00e9ducateurs et amis autour d\u2019un grand buffet pr\u00e9par\u00e9 avec soin."}