{"version":"1.0","provider_name":"La Gazette des Foyers de l&#039;APEI de Meudon","provider_url":"https:\/\/apeimeudon.fr\/Blog-APEI","author_name":"Foyer Bds","author_url":"https:\/\/apeimeudon.fr\/Blog-APEI\/author\/foyer-bds\/","title":"S\u00e9jour \u00e0 la ferme p\u00e9dagogique - La Gazette des Foyers de l&#039;APEI de Meudon","type":"rich","width":600,"height":338,"html":"<blockquote class=\"wp-embedded-content\" data-secret=\"GsIFMddzzN\"><a href=\"https:\/\/apeimeudon.fr\/Blog-APEI\/sejour-a-la-ferme-pedagogique\/\">S\u00e9jour \u00e0 la ferme p\u00e9dagogique<\/a><\/blockquote><iframe sandbox=\"allow-scripts\" security=\"restricted\" src=\"https:\/\/apeimeudon.fr\/Blog-APEI\/sejour-a-la-ferme-pedagogique\/embed\/#?secret=GsIFMddzzN\" width=\"600\" height=\"338\" title=\"\u00ab\u00a0S\u00e9jour \u00e0 la ferme p\u00e9dagogique\u00a0\u00bb &#8212; La Gazette des Foyers de l&#039;APEI de Meudon\" data-secret=\"GsIFMddzzN\" frameborder=\"0\" marginwidth=\"0\" marginheight=\"0\" scrolling=\"no\" class=\"wp-embedded-content\"><\/iframe><script type=\"text\/javascript\">\n\/* <![CDATA[ *\/\n\/*! This file is auto-generated *\/\n!function(d,l){\"use strict\";l.querySelector&&d.addEventListener&&\"undefined\"!=typeof URL&&(d.wp=d.wp||{},d.wp.receiveEmbedMessage||(d.wp.receiveEmbedMessage=function(e){var t=e.data;if((t||t.secret||t.message||t.value)&&!\/[^a-zA-Z0-9]\/.test(t.secret)){for(var s,r,n,a=l.querySelectorAll('iframe[data-secret=\"'+t.secret+'\"]'),o=l.querySelectorAll('blockquote[data-secret=\"'+t.secret+'\"]'),c=new RegExp(\"^https?:$\",\"i\"),i=0;i<o.length;i++)o[i].style.display=\"none\";for(i=0;i<a.length;i++)s=a[i],e.source===s.contentWindow&&(s.removeAttribute(\"style\"),\"height\"===t.message?(1e3<(r=parseInt(t.value,10))?r=1e3:~~r<200&&(r=200),s.height=r):\"link\"===t.message&&(r=new URL(s.getAttribute(\"src\")),n=new URL(t.value),c.test(n.protocol))&&n.host===r.host&&l.activeElement===s&&(d.top.location.href=t.value))}},d.addEventListener(\"message\",d.wp.receiveEmbedMessage,!1),l.addEventListener(\"DOMContentLoaded\",function(){for(var e,t,s=l.querySelectorAll(\"iframe.wp-embedded-content\"),r=0;r<s.length;r++)(t=(e=s[r]).getAttribute(\"data-secret\"))||(t=Math.random().toString(36).substring(2,12),e.src+=\"#?secret=\"+t,e.setAttribute(\"data-secret\",t)),e.contentWindow.postMessage({message:\"ready\",secret:t},\"*\")},!1)))}(window,document);\n\/\/# sourceURL=https:\/\/apeimeudon.fr\/Blog-APEI\/wp-includes\/js\/wp-embed.min.js\n\/* ]]> *\/\n<\/script>\n","thumbnail_url":"https:\/\/apeimeudon.fr\/Blog-APEI\/wp-content\/uploads\/2020\/08\/Ferme-Derval.jpg","thumbnail_width":568,"thumbnail_height":304,"description":"Avec notre \u00e9quipe \u00e9ducative, nous vous proposons une animation vid\u00e9o qui illustre notre s\u00e9jour \u00e0 DERVAL en Loire Atlantique dans une ferme p\u00e9dagogique. Nous esp\u00e9rons que vous aurez autant de plaisir \u00e0 visionner ce reportage que nous avons \u00e9t\u00e9 heureux de participer \u00e0 ce transfert."}